{"id":859,"date":"2023-09-28T14:14:07","date_gmt":"2023-09-28T12:14:07","guid":{"rendered":"https:\/\/aik.se\/kamratklubben\/?page_id=859"},"modified":"2023-11-15T20:12:08","modified_gmt":"2023-11-15T19:12:08","slug":"historia","status":"publish","type":"page","link":"https:\/\/aik.se\/kamratklubben\/historia\/","title":{"rendered":"Historia"},"content":{"rendered":"\n<h3 class=\"wp-block-heading\">S\u00e5 bildades Kamratklubben<\/h3>\n\n\n\n<p>I b\u00f6rjan p\u00e5 40-talet skriver AIK:s vice ordf\u00f6rande Tage Wissnell en kr\u00f6nika i AIK medlemsblad nr 5.&nbsp; D\u00e4r beskriver han problemet om hur AIK beh\u00f6ver samla gamla ledare, spelare samt andra r\u00e5dgivare efter avslutade karri\u00e4rer.<\/p>\n\n\n\n<p>Wissnell menar i kr\u00f6nikan att AIK inte har r\u00e5d att klara sig utan dessa gamla AIK:are. Passiva medlemmar m\u00e5ste f\u00e5 en plats s\u00e5 att de fortfarande k\u00e4nner att de h\u00f6r hemma i AIK-familjen. Han tyckte att f.d. aktiva och ledare ska ha ett sk idrottshem d\u00e4r de fortfarande k\u00e4nner att de tillh\u00f6r familjen och att var och en p\u00e5 sitt s\u00e4tt kan hj\u00e4lpa till i klubben.&nbsp;<\/p>\n\n\n\n<p>D\u00e5varande ordf\u00f6rande Putte Kock l\u00e4ste artikeln som Wissnell skrev och ins\u00e5g att situationen var allvarlig. Det beslutades att ytterligare en f\u00f6rening skulle startas upp, en bredare kamratf\u00f6rening f\u00f6r fd aktiva, ledare samt framtr\u00e4dande medlemmar.&nbsp;<\/p>\n\n\n\n<p><strong>Den 20 mars 1945 bildades kamratklubben Gamla AIK:are.<\/strong><\/p>\n\n\n\n<p><strong>Det finaste klubbm\u00e4rket!<\/strong><\/p>\n\n\n\n<p>Ibland kunde vi \u00e4ven se gamla AIK-profiler med ett speciellt klubbm\u00e4rke p\u00e5 kavajslaget omgiven av en f\u00f6rgylld lagerkrans.<\/p>\n\n\n\n<p>Det spreds myter d\u00e4r en del visste att det var \u201dGamla AIK:ares\u201d klubbm\u00e4rke. Andra visste att det kr\u00e4vdes 10 eller 20 \u00e5rs medlemskap f\u00f6r att ens kunna s\u00f6ka medlemskap. N\u00e5gra hade till och med h\u00f6rt att bara de finaste, fr\u00e4msta medlemmarna kunde bli medlemmar och att ans\u00f6kningarna pr\u00f6vades noggrant och att den s\u00f6kandes pr\u00f6vades i hemliga ceremonier.&nbsp;<\/p>\n\n\n\n<p>Som lite kuriosa kan det noteras att f\u00f6rr gjorde man n\u00e5got som kallades \u201dsk\u00e4ggning\u201d i samband med inkilningen. Sk\u00e4ggningen betydde att l\u00f6ssk\u00e4gg anv\u00e4ndes i ceremonin som numera \u00e4r ersatt med annat.&nbsp;<\/p>\n\n\n\n<p>Vid ett inval erh\u00e5lls ocks\u00e5 den numrerade klubbn\u00e5len d\u00e4r numret \u00e4r unikt och tillh\u00f6r den invalde f\u00f6r evigt. Styrelsen beslutar enh\u00e4llig om ny medlem och en inkilning v\u00e4ntar d\u00e4refter. Det \u00e4r endast medlemmar i kamratklubben som f\u00e5r b\u00e4ra denna unika klubbn\u00e5l.<\/p>\n\n\n\n<p>Den f\u00f6rsta kvinnan som valdes in \u00e4r Gun Sj\u00f6gren som dom flesta k\u00e4nner till som en fantastisk eldsj\u00e4l inom klubben. Idag har vi flera kvinnor men hoppas s\u00e5 klart att dom kan bli fler.<\/p>\n\n\n\n<p>Genom \u00e5ren har ett stort antal arrangemang h\u00e5llits f\u00f6r medlemmarna d\u00e4r sammanh\u00e5llningen och k\u00e4nslan att tillh\u00f6ra AIK-familjen g\u00f6r oss p\u00e5mind varje g\u00e5ng vi tr\u00e4ffas.&nbsp;<\/p>\n\n\n\n<p><strong>Gamla AIK:are l\u00e4gger inte av dom f\u00e5r det bara \u00e4nnu roligare.<\/strong><\/p>\n\n\n\n<p>S\u00e5 h\u00e4r s\u00e5g det f\u00f6rsta protokollet ut 1945 och en kallelse till en kamrattr\u00e4ff 1981.<\/p>\n\n\n\n<figure class=\"wp-block-image size-large is-resized\"><img loading=\"lazy\" decoding=\"async\" width=\"1536\" height=\"2048\" src=\"https:\/\/aik.se\/kamratklubben\/wp-content\/uploads\/sites\/12\/2023\/11\/IMG_2016-1-1536x2048.jpeg\" alt=\"\" class=\"wp-image-1015\" style=\"width:679px;height:auto\" srcset=\"https:\/\/aik.se\/kamratklubben\/wp-content\/uploads\/sites\/12\/2023\/11\/IMG_2016-1-scaled.jpeg 1536w, https:\/\/aik.se\/kamratklubben\/wp-content\/uploads\/sites\/12\/2023\/11\/IMG_2016-1-768x1024.jpeg 768w, https:\/\/aik.se\/kamratklubben\/wp-content\/uploads\/sites\/12\/2023\/11\/IMG_2016-1-1152x1536.jpeg 1152w, https:\/\/aik.se\/kamratklubben\/wp-content\/uploads\/sites\/12\/2023\/11\/IMG_2016-1-500x667.jpeg 500w, https:\/\/aik.se\/kamratklubben\/wp-content\/uploads\/sites\/12\/2023\/11\/IMG_2016-1-800x1067.jpeg 800w, https:\/\/aik.se\/kamratklubben\/wp-content\/uploads\/sites\/12\/2023\/11\/IMG_2016-1-1280x1707.jpeg 1280w, https:\/\/aik.se\/kamratklubben\/wp-content\/uploads\/sites\/12\/2023\/11\/IMG_2016-1-1920x2560.jpeg 1920w\" sizes=\"auto, (max-width: 1536px) 100vw, 1536px\" \/><\/figure>\n\n\n\n<figure class=\"wp-block-image size-large\"><img loading=\"lazy\" decoding=\"async\" width=\"1536\" height=\"2048\" src=\"https:\/\/aik.se\/kamratklubben\/wp-content\/uploads\/sites\/12\/2023\/11\/IMG_2017-1-1536x2048.jpeg\" alt=\"\" class=\"wp-image-1019\" srcset=\"https:\/\/aik.se\/kamratklubben\/wp-content\/uploads\/sites\/12\/2023\/11\/IMG_2017-1-scaled.jpeg 1536w, https:\/\/aik.se\/kamratklubben\/wp-content\/uploads\/sites\/12\/2023\/11\/IMG_2017-1-768x1024.jpeg 768w, https:\/\/aik.se\/kamratklubben\/wp-content\/uploads\/sites\/12\/2023\/11\/IMG_2017-1-1152x1536.jpeg 1152w, https:\/\/aik.se\/kamratklubben\/wp-content\/uploads\/sites\/12\/2023\/11\/IMG_2017-1-500x667.jpeg 500w, https:\/\/aik.se\/kamratklubben\/wp-content\/uploads\/sites\/12\/2023\/11\/IMG_2017-1-800x1067.jpeg 800w, https:\/\/aik.se\/kamratklubben\/wp-content\/uploads\/sites\/12\/2023\/11\/IMG_2017-1-1280x1707.jpeg 1280w, https:\/\/aik.se\/kamratklubben\/wp-content\/uploads\/sites\/12\/2023\/11\/IMG_2017-1-1920x2560.jpeg 1920w\" sizes=\"auto, (max-width: 1536px) 100vw, 1536px\" \/><\/figure>\n","protected":false},"excerpt":{"rendered":"<p>S\u00e5 bildades Kamratklubben I b\u00f6rjan p\u00e5 40-talet skriver AIK:s vice ordf\u00f6rande Tage Wissnell en kr\u00f6nika i AIK medlemsblad nr 5.&nbsp; D\u00e4r beskriver han problemet om hur AIK beh\u00f6ver samla gamla [&hellip;]<\/p>\n","protected":false},"author":24,"featured_media":0,"parent":0,"menu_order":0,"comment_status":"closed","ping_status":"closed","template":"","meta":{"_kad_blocks_custom_css":"","_kad_blocks_head_custom_js":"","_kad_blocks_body_custom_js":"","_kad_blocks_footer_custom_js":"","_EventAllDay":false,"_EventTimezone":"","_EventStartDate":"","_EventEndDate":"","_EventStartDateUTC":"","_EventEndDateUTC":"","_EventShowMap":false,"_EventShowMapLink":false,"_EventURL":"","_EventCost":"","_EventCostDescription":"","_EventCurrencySymbol":"","_EventCurrencyCode":"","_EventCurrencyPosition":"","_EventDateTimeSeparator":"","_EventTimeRangeSeparator":"","_EventOrganizerID":[],"_EventVenueID":[],"_OrganizerEmail":"","_OrganizerPhone":"","_OrganizerWebsite":"","_VenueAddress":"","_VenueCity":"","_VenueCountry":"","_VenueProvince":"","_VenueState":"","_VenueZip":"","_VenuePhone":"","_VenueURL":"","_VenueStateProvince":"","_VenueLat":"","_VenueLng":"","_VenueShowMap":false,"_VenueShowMapLink":false,"_vp_format_video_url":"","_vp_image_focal_point":[],"_vp_custom_popup_image":0,"_vp_format_audio_url":"","_vp_album_images":[],"_vp_custom_thumbnail":0,"_vp_custom_thumbnail_focal_point":[],"_vp_custom_thumbnail_cover":0,"_vp_hover_thumbnail":0,"_vp_hover_thumbnail_focal_point":[],"footnotes":""},"class_list":["post-859","page","type-page","status-publish","hentry"],"blocksy_meta":[],"taxonomy_info":[],"featured_image_src_large":false,"author_info":{"display_name":"Realisatorerna","author_link":"https:\/\/aik.se\/kamratklubben\/author\/realisatorerna\/"},"comment_info":0,"_links":{"self":[{"href":"https:\/\/aik.se\/kamratklubben\/wp-json\/wp\/v2\/pages\/859","targetHints":{"allow":["GET"]}}],"collection":[{"href":"https:\/\/aik.se\/kamratklubben\/wp-json\/wp\/v2\/pages"}],"about":[{"href":"https:\/\/aik.se\/kamratklubben\/wp-json\/wp\/v2\/types\/page"}],"author":[{"embeddable":true,"href":"https:\/\/aik.se\/kamratklubben\/wp-json\/wp\/v2\/users\/24"}],"replies":[{"embeddable":true,"href":"https:\/\/aik.se\/kamratklubben\/wp-json\/wp\/v2\/comments?post=859"}],"version-history":[{"count":10,"href":"https:\/\/aik.se\/kamratklubben\/wp-json\/wp\/v2\/pages\/859\/revisions"}],"predecessor-version":[{"id":1020,"href":"https:\/\/aik.se\/kamratklubben\/wp-json\/wp\/v2\/pages\/859\/revisions\/1020"}],"wp:attachment":[{"href":"https:\/\/aik.se\/kamratklubben\/wp-json\/wp\/v2\/media?parent=859"}],"curies":[{"name":"wp","href":"https:\/\/api.w.org\/{rel}","templated":true}]}}