{"id":868,"date":"2023-09-28T14:16:21","date_gmt":"2023-09-28T12:16:21","guid":{"rendered":"https:\/\/aik.se\/kamratklubben\/?page_id=868"},"modified":"2026-04-22T09:21:18","modified_gmt":"2026-04-22T07:21:18","slug":"arsmoten","status":"publish","type":"page","link":"https:\/\/aik.se\/kamratklubben\/arsmoten\/","title":{"rendered":"\u00c5rsm\u00f6ten"},"content":{"rendered":"\n<div class=\"wp-block-columns is-layout-flex wp-container-core-columns-is-layout-28f84493 wp-block-columns-is-layout-flex\">\n<div class=\"wp-block-column is-layout-flow wp-block-column-is-layout-flow\" style=\"flex-basis:100%\"><style>.kb-table-of-content-nav.kb-table-of-content-id868_ea8c59-d8 .kb-table-of-content-wrap{padding-top:var(--global-kb-spacing-sm, 1.5rem);padding-right:var(--global-kb-spacing-sm, 1.5rem);padding-bottom:var(--global-kb-spacing-sm, 1.5rem);padding-left:var(--global-kb-spacing-sm, 1.5rem);}.kb-table-of-content-nav.kb-table-of-content-id868_ea8c59-d8 .kb-table-of-contents-title-wrap{padding-top:0px;padding-right:0px;padding-bottom:0px;padding-left:0px;}.kb-table-of-content-nav.kb-table-of-content-id868_ea8c59-d8 .kb-table-of-contents-title{font-size:var(--global-kb-font-size-md, 1.25rem);font-weight:regular;font-style:normal;}.kb-table-of-content-nav.kb-table-of-content-id868_ea8c59-d8 .kb-table-of-content-wrap .kb-table-of-content-list{font-size:var(--global-kb-font-size-md, 1.25rem);font-weight:regular;font-style:normal;margin-top:var(--global-kb-spacing-sm, 1.5rem);margin-right:0px;margin-bottom:0px;margin-left:0px;}<\/style><\/div>\n<\/div>\n\n\n<style>.wp-block-kadence-advancedheading.kt-adv-heading868_07ca67-6b, .wp-block-kadence-advancedheading.kt-adv-heading868_07ca67-6b[data-kb-block=\"kb-adv-heading868_07ca67-6b\"]{font-style:normal;}.wp-block-kadence-advancedheading.kt-adv-heading868_07ca67-6b mark.kt-highlight, .wp-block-kadence-advancedheading.kt-adv-heading868_07ca67-6b[data-kb-block=\"kb-adv-heading868_07ca67-6b\"] mark.kt-highlight{font-style:normal;color:#f76a0c;-webkit-box-decoration-break:clone;box-decoration-break:clone;padding-top:0px;padding-right:0px;padding-bottom:0px;padding-left:0px;}.wp-block-kadence-advancedheading.kt-adv-heading868_07ca67-6b img.kb-inline-image, .wp-block-kadence-advancedheading.kt-adv-heading868_07ca67-6b[data-kb-block=\"kb-adv-heading868_07ca67-6b\"] img.kb-inline-image{width:150px;vertical-align:baseline;}<\/style>\n<h2 class=\"kt-adv-heading868_07ca67-6b wp-block-kadence-advancedheading\" data-kb-block=\"kb-adv-heading868_07ca67-6b\">\u00c5rsm\u00f6te 2026<\/h2>\n\n\n\n<p>\u00c5rsm\u00f6tet 2026 h\u00f6lls den 16 april p\u00e5 Best Western plus park hotell i Solna Centrum. Innan m\u00f6tets \u00f6ppnande h\u00f6lls en tyst minut f\u00f6r v\u00e5ra medlemmar som tyv\u00e4rr g\u00e5tt bort sedan det  senaste \u00e5rsm\u00f6tet. Stor saknad bland v\u00e5ra medlemmar d\u00e4r tankarna \u00e4ven g\u00e5r till anh\u00f6riga.<\/p>\n\n\n\n<p>\u00c5rsm\u00f6tet \u00f6ppnades av ordf\u00f6rande Sune Hellstr\u00f6mer som \u00e4ven valdes till m\u00f6tesordf\u00f6rande. R\u00f6stl\u00e4ngden 2026 blev 42. Verksamheten\/Styrelseber\u00e4ttelsen samt \u00e5rsredovisningen\/Balansr\u00e4kningen det g\u00e5ngna \u00e5ret gicks igenom och \u00e4ven vilka kamrattr\u00e4ffar vi har haft. Revisionsber\u00e4ttelsen f\u00f6redrogs av revisorn Bertil Wennstr\u00f6m. <\/p>\n\n\n\n<p>P\u00e5 \u00e5rsm\u00f6tet beslutades att \u00e5rsavgiften 2027 ska forts\u00e4tta vara 200 kronor samt 0 kronor i intr\u00e4desavgift. Den sista december 2025 konstateras att kamratklubben har 151 medlemmar. <\/p>\n\n\n\n<p>P\u00e5 \u00e5rsm\u00f6tet fick den sittande styrelsen nya f\u00f6rtroenden. Se under rubrik Styrelsen.<\/p>\n\n\n\n<p>Revisorerna valdes \u00e5nyo: Fredrik Lundstedt, Bertil Wennstr\u00f6m samt suppleant Svante Holmstr\u00f6m. <\/p>\n\n\n\n<p>Valberedningen valdes \u00e5nyo:  Kjell Sahlstr\u00f6m till sammankallande, Jarl Fransson samt Lennart Krook. <\/p>\n\n\n\n<p>Styrelsen i kamratklubben har f\u00f6rslag till \u00e4ndring av stadgarna g\u00e4llande uppl\u00f6sning av kamratklubben, se stadgar. <\/p>\n\n\n\n<figure class=\"wp-block-image size-large\"><img loading=\"lazy\" decoding=\"async\" width=\"1536\" height=\"2048\" src=\"https:\/\/aik.se\/kamratklubben\/wp-content\/uploads\/sites\/12\/2026\/04\/IMG_0482-1536x2048.jpg\" alt=\"\" class=\"wp-image-1304\" srcset=\"https:\/\/aik.se\/kamratklubben\/wp-content\/uploads\/sites\/12\/2026\/04\/IMG_0482-scaled.jpg 1536w, https:\/\/aik.se\/kamratklubben\/wp-content\/uploads\/sites\/12\/2026\/04\/IMG_0482-768x1024.jpg 768w, https:\/\/aik.se\/kamratklubben\/wp-content\/uploads\/sites\/12\/2026\/04\/IMG_0482-1152x1536.jpg 1152w, https:\/\/aik.se\/kamratklubben\/wp-content\/uploads\/sites\/12\/2026\/04\/IMG_0482-500x667.jpg 500w, https:\/\/aik.se\/kamratklubben\/wp-content\/uploads\/sites\/12\/2026\/04\/IMG_0482-800x1067.jpg 800w, https:\/\/aik.se\/kamratklubben\/wp-content\/uploads\/sites\/12\/2026\/04\/IMG_0482-1280x1707.jpg 1280w, https:\/\/aik.se\/kamratklubben\/wp-content\/uploads\/sites\/12\/2026\/04\/IMG_0482-1920x2560.jpg 1920w\" sizes=\"auto, (max-width: 1536px) 100vw, 1536px\" \/><\/figure>\n\n\n\n<figure class=\"wp-block-image size-large\"><img loading=\"lazy\" decoding=\"async\" width=\"1536\" height=\"2048\" src=\"https:\/\/aik.se\/kamratklubben\/wp-content\/uploads\/sites\/12\/2026\/04\/IMG_0486-1536x2048.jpg\" alt=\"\" class=\"wp-image-1305\" srcset=\"https:\/\/aik.se\/kamratklubben\/wp-content\/uploads\/sites\/12\/2026\/04\/IMG_0486-scaled.jpg 1536w, https:\/\/aik.se\/kamratklubben\/wp-content\/uploads\/sites\/12\/2026\/04\/IMG_0486-768x1024.jpg 768w, https:\/\/aik.se\/kamratklubben\/wp-content\/uploads\/sites\/12\/2026\/04\/IMG_0486-1152x1536.jpg 1152w, https:\/\/aik.se\/kamratklubben\/wp-content\/uploads\/sites\/12\/2026\/04\/IMG_0486-500x667.jpg 500w, https:\/\/aik.se\/kamratklubben\/wp-content\/uploads\/sites\/12\/2026\/04\/IMG_0486-800x1067.jpg 800w, https:\/\/aik.se\/kamratklubben\/wp-content\/uploads\/sites\/12\/2026\/04\/IMG_0486-1280x1707.jpg 1280w, https:\/\/aik.se\/kamratklubben\/wp-content\/uploads\/sites\/12\/2026\/04\/IMG_0486-1920x2560.jpg 1920w\" sizes=\"auto, (max-width: 1536px) 100vw, 1536px\" \/><\/figure>\n\n\n\n<figure class=\"wp-block-image size-large\"><img loading=\"lazy\" decoding=\"async\" width=\"1536\" height=\"2048\" src=\"https:\/\/aik.se\/kamratklubben\/wp-content\/uploads\/sites\/12\/2026\/04\/IMG_0505-1536x2048.jpg\" alt=\"\" class=\"wp-image-1306\" srcset=\"https:\/\/aik.se\/kamratklubben\/wp-content\/uploads\/sites\/12\/2026\/04\/IMG_0505-scaled.jpg 1536w, https:\/\/aik.se\/kamratklubben\/wp-content\/uploads\/sites\/12\/2026\/04\/IMG_0505-768x1024.jpg 768w, https:\/\/aik.se\/kamratklubben\/wp-content\/uploads\/sites\/12\/2026\/04\/IMG_0505-1152x1536.jpg 1152w, https:\/\/aik.se\/kamratklubben\/wp-content\/uploads\/sites\/12\/2026\/04\/IMG_0505-500x667.jpg 500w, https:\/\/aik.se\/kamratklubben\/wp-content\/uploads\/sites\/12\/2026\/04\/IMG_0505-800x1067.jpg 800w, https:\/\/aik.se\/kamratklubben\/wp-content\/uploads\/sites\/12\/2026\/04\/IMG_0505-1280x1707.jpg 1280w, https:\/\/aik.se\/kamratklubben\/wp-content\/uploads\/sites\/12\/2026\/04\/IMG_0505-1920x2560.jpg 1920w\" sizes=\"auto, (max-width: 1536px) 100vw, 1536px\" \/><figcaption class=\"wp-element-caption\"><strong>Kjell Sahlstr\u00f6m gratuleras p\u00e5 sin 70-\u00e5rsdag. Stort grattis!!<\/strong><\/figcaption><\/figure>\n\n\n<style>.wp-block-kadence-advancedheading.kt-adv-heading868_ab09f1-8f, .wp-block-kadence-advancedheading.kt-adv-heading868_ab09f1-8f[data-kb-block=\"kb-adv-heading868_ab09f1-8f\"]{font-style:normal;}.wp-block-kadence-advancedheading.kt-adv-heading868_ab09f1-8f mark.kt-highlight, .wp-block-kadence-advancedheading.kt-adv-heading868_ab09f1-8f[data-kb-block=\"kb-adv-heading868_ab09f1-8f\"] mark.kt-highlight{font-style:normal;color:#f76a0c;-webkit-box-decoration-break:clone;box-decoration-break:clone;padding-top:0px;padding-right:0px;padding-bottom:0px;padding-left:0px;}.wp-block-kadence-advancedheading.kt-adv-heading868_ab09f1-8f img.kb-inline-image, .wp-block-kadence-advancedheading.kt-adv-heading868_ab09f1-8f[data-kb-block=\"kb-adv-heading868_ab09f1-8f\"] img.kb-inline-image{width:150px;vertical-align:baseline;}<\/style>\n<h2 class=\"kt-adv-heading868_ab09f1-8f wp-block-kadence-advancedheading\" data-kb-block=\"kb-adv-heading868_ab09f1-8f\">\u00c5rets AIK:are<\/h2>\n\n\n\n<p>\u00c5rets AIK:are delas ut varje \u00e5r och den h\u00e4r g\u00e5ngen best\u00e4mde vi oss f\u00f6r Jimmy Samuelsson. Jimmy har varit verksam i AIK:s brottning under l\u00e5ng tid. H\u00e4r kommer motiveringen i en kortare version:<\/p>\n\n\n\n<p>Jimmy Samuelsson blev v\u00e4rldsm\u00e4stare i brottningens 66-kiloklass 2002 och var under flera \u00e5r fr\u00e5n \u00e5r 2000 en av v\u00e4rldens b\u00e4sta brottare. Efter elitsatsningen byggde han tillsammans med Leon Kessidis Bjurberg upp AIK:s brottningsklubb som blev och \u00e4r Sveriges i s\u00e4rklass b\u00e4sta brottningsklubb.<\/p>\n\n\n\n<p>Det \u00e4r till stor del Jimmy Samuelssons som i sin tr\u00e4nar- och ledarroll lett AIK till de stora framg\u00e5ngarna och \u00e4r numera AIK:s mest framg\u00e5ngsrika idrott. <\/p>\n\n\n\n<p>Jimmy har \u00e4ven blivit veteranv\u00e4rldsm\u00e4stare vilket s\u00e4ger allt om hans kapacitet. Han har och \u00e4r avg\u00f6rande f\u00f6r AIK brottnings utveckling. Jimmy \u00e4r sedan en tid tillbaka \u00e4ven f\u00f6rbundskapten f\u00f6r svenska brottningslandskapet.<\/p>\n\n\n\n<p>Stort lycka till Jimmy och tack f\u00f6r dina insatser!<\/p>\n\n\n\n<figure class=\"wp-block-image size-large is-resized\"><img loading=\"lazy\" decoding=\"async\" width=\"1536\" height=\"2048\" src=\"https:\/\/aik.se\/kamratklubben\/wp-content\/uploads\/sites\/12\/2026\/04\/IMG_0492-1-1536x2048.jpg\" alt=\"\" class=\"wp-image-1296\" style=\"aspect-ratio:0.7500087716220484;width:659px;height:auto\" srcset=\"https:\/\/aik.se\/kamratklubben\/wp-content\/uploads\/sites\/12\/2026\/04\/IMG_0492-1-scaled.jpg 1536w, https:\/\/aik.se\/kamratklubben\/wp-content\/uploads\/sites\/12\/2026\/04\/IMG_0492-1-768x1024.jpg 768w, https:\/\/aik.se\/kamratklubben\/wp-content\/uploads\/sites\/12\/2026\/04\/IMG_0492-1-1152x1536.jpg 1152w, https:\/\/aik.se\/kamratklubben\/wp-content\/uploads\/sites\/12\/2026\/04\/IMG_0492-1-500x667.jpg 500w, https:\/\/aik.se\/kamratklubben\/wp-content\/uploads\/sites\/12\/2026\/04\/IMG_0492-1-800x1067.jpg 800w, https:\/\/aik.se\/kamratklubben\/wp-content\/uploads\/sites\/12\/2026\/04\/IMG_0492-1-1280x1707.jpg 1280w, https:\/\/aik.se\/kamratklubben\/wp-content\/uploads\/sites\/12\/2026\/04\/IMG_0492-1-1920x2560.jpg 1920w\" sizes=\"auto, (max-width: 1536px) 100vw, 1536px\" \/><\/figure>\n\n\n\n<figure class=\"wp-block-image size-large is-resized\"><img loading=\"lazy\" decoding=\"async\" width=\"1536\" height=\"2048\" src=\"https:\/\/aik.se\/kamratklubben\/wp-content\/uploads\/sites\/12\/2026\/04\/IMG_0499-1536x2048.jpg\" alt=\"\" class=\"wp-image-1297\" style=\"aspect-ratio:0.7500091411020513;width:671px;height:auto\" srcset=\"https:\/\/aik.se\/kamratklubben\/wp-content\/uploads\/sites\/12\/2026\/04\/IMG_0499-scaled.jpg 1536w, https:\/\/aik.se\/kamratklubben\/wp-content\/uploads\/sites\/12\/2026\/04\/IMG_0499-768x1024.jpg 768w, https:\/\/aik.se\/kamratklubben\/wp-content\/uploads\/sites\/12\/2026\/04\/IMG_0499-1152x1536.jpg 1152w, https:\/\/aik.se\/kamratklubben\/wp-content\/uploads\/sites\/12\/2026\/04\/IMG_0499-500x667.jpg 500w, https:\/\/aik.se\/kamratklubben\/wp-content\/uploads\/sites\/12\/2026\/04\/IMG_0499-800x1067.jpg 800w, https:\/\/aik.se\/kamratklubben\/wp-content\/uploads\/sites\/12\/2026\/04\/IMG_0499-1280x1707.jpg 1280w, https:\/\/aik.se\/kamratklubben\/wp-content\/uploads\/sites\/12\/2026\/04\/IMG_0499-1920x2560.jpg 1920w\" sizes=\"auto, (max-width: 1536px) 100vw, 1536px\" \/><\/figure>\n\n\n<style>.wp-block-kadence-advancedheading.kt-adv-heading868_931fb2-68, .wp-block-kadence-advancedheading.kt-adv-heading868_931fb2-68[data-kb-block=\"kb-adv-heading868_931fb2-68\"]{font-style:normal;}.wp-block-kadence-advancedheading.kt-adv-heading868_931fb2-68 mark.kt-highlight, .wp-block-kadence-advancedheading.kt-adv-heading868_931fb2-68[data-kb-block=\"kb-adv-heading868_931fb2-68\"] mark.kt-highlight{font-style:normal;color:#f76a0c;-webkit-box-decoration-break:clone;box-decoration-break:clone;padding-top:0px;padding-right:0px;padding-bottom:0px;padding-left:0px;}.wp-block-kadence-advancedheading.kt-adv-heading868_931fb2-68 img.kb-inline-image, .wp-block-kadence-advancedheading.kt-adv-heading868_931fb2-68[data-kb-block=\"kb-adv-heading868_931fb2-68\"] img.kb-inline-image{width:150px;vertical-align:baseline;}<\/style>\n<h2 class=\"kt-adv-heading868_931fb2-68 wp-block-kadence-advancedheading\" data-kb-block=\"kb-adv-heading868_931fb2-68\">\u00c5rsm\u00f6tets g\u00e4stf\u00f6rel\u00e4sare<\/h2>\n\n\n\n<p>Ikonen Johan Mj\u00e4llby bj\u00f6ds in till en f\u00f6rel\u00e4sning f\u00f6r att ber\u00e4tta om sin fantastiska karri\u00e4r. Han blev intervjuad av journalisten och radioprataren  Martin Wicklin. <\/p>\n\n\n\n<p>Vi fick ta del av Johans karri\u00e4r inom framf\u00f6rallt tennisen och fotbollen. Han ber\u00e4ttade hur allt startade och vilket val han sedan gjorde d\u00e4r vi alla vet att valet blev fotboll. Han ber\u00e4ttade \u00e4ven hur hans karri\u00e4r inom AIK:s s\u00e5g ut men framf\u00f6rallt hur han som m\u00e4nniska t\u00e4nkte och hur hans vinnarskalle tog honom till hans stora framg\u00e5ngar b\u00e5de som spelare i AIK, Celtic och landslaget.<\/p>\n\n\n\n<p>Tack Johan f\u00f6r din intressanta ber\u00e4ttelse!<\/p>\n\n\n\n<p>Vi tackar Johan och Martin f\u00f6r deras medverkan!<\/p>\n\n\n\n<figure class=\"wp-block-image size-large\"><img loading=\"lazy\" decoding=\"async\" width=\"1536\" height=\"2048\" src=\"https:\/\/aik.se\/kamratklubben\/wp-content\/uploads\/sites\/12\/2026\/04\/IMG_0507-1536x2048.jpg\" alt=\"\" class=\"wp-image-1300\" srcset=\"https:\/\/aik.se\/kamratklubben\/wp-content\/uploads\/sites\/12\/2026\/04\/IMG_0507-scaled.jpg 1536w, https:\/\/aik.se\/kamratklubben\/wp-content\/uploads\/sites\/12\/2026\/04\/IMG_0507-768x1024.jpg 768w, https:\/\/aik.se\/kamratklubben\/wp-content\/uploads\/sites\/12\/2026\/04\/IMG_0507-1152x1536.jpg 1152w, https:\/\/aik.se\/kamratklubben\/wp-content\/uploads\/sites\/12\/2026\/04\/IMG_0507-500x667.jpg 500w, https:\/\/aik.se\/kamratklubben\/wp-content\/uploads\/sites\/12\/2026\/04\/IMG_0507-800x1067.jpg 800w, https:\/\/aik.se\/kamratklubben\/wp-content\/uploads\/sites\/12\/2026\/04\/IMG_0507-1280x1707.jpg 1280w, https:\/\/aik.se\/kamratklubben\/wp-content\/uploads\/sites\/12\/2026\/04\/IMG_0507-1920x2560.jpg 1920w\" sizes=\"auto, (max-width: 1536px) 100vw, 1536px\" \/><\/figure>\n\n\n\n<figure class=\"wp-block-image size-large\"><img loading=\"lazy\" decoding=\"async\" width=\"1536\" height=\"2048\" src=\"https:\/\/aik.se\/kamratklubben\/wp-content\/uploads\/sites\/12\/2026\/04\/IMG_0509-1536x2048.jpg\" alt=\"\" class=\"wp-image-1302\" srcset=\"https:\/\/aik.se\/kamratklubben\/wp-content\/uploads\/sites\/12\/2026\/04\/IMG_0509-scaled.jpg 1536w, https:\/\/aik.se\/kamratklubben\/wp-content\/uploads\/sites\/12\/2026\/04\/IMG_0509-768x1024.jpg 768w, https:\/\/aik.se\/kamratklubben\/wp-content\/uploads\/sites\/12\/2026\/04\/IMG_0509-1152x1536.jpg 1152w, https:\/\/aik.se\/kamratklubben\/wp-content\/uploads\/sites\/12\/2026\/04\/IMG_0509-500x667.jpg 500w, https:\/\/aik.se\/kamratklubben\/wp-content\/uploads\/sites\/12\/2026\/04\/IMG_0509-800x1067.jpg 800w, https:\/\/aik.se\/kamratklubben\/wp-content\/uploads\/sites\/12\/2026\/04\/IMG_0509-1280x1707.jpg 1280w, https:\/\/aik.se\/kamratklubben\/wp-content\/uploads\/sites\/12\/2026\/04\/IMG_0509-1920x2560.jpg 1920w\" sizes=\"auto, (max-width: 1536px) 100vw, 1536px\" \/><\/figure>\n\n\n\n<figure class=\"wp-block-image size-large\"><img loading=\"lazy\" decoding=\"async\" width=\"1536\" height=\"2048\" src=\"https:\/\/aik.se\/kamratklubben\/wp-content\/uploads\/sites\/12\/2026\/04\/IMG_0485-1536x2048.jpg\" alt=\"\" class=\"wp-image-1303\" srcset=\"https:\/\/aik.se\/kamratklubben\/wp-content\/uploads\/sites\/12\/2026\/04\/IMG_0485-scaled.jpg 1536w, https:\/\/aik.se\/kamratklubben\/wp-content\/uploads\/sites\/12\/2026\/04\/IMG_0485-768x1024.jpg 768w, https:\/\/aik.se\/kamratklubben\/wp-content\/uploads\/sites\/12\/2026\/04\/IMG_0485-1152x1536.jpg 1152w, https:\/\/aik.se\/kamratklubben\/wp-content\/uploads\/sites\/12\/2026\/04\/IMG_0485-500x667.jpg 500w, https:\/\/aik.se\/kamratklubben\/wp-content\/uploads\/sites\/12\/2026\/04\/IMG_0485-800x1067.jpg 800w, https:\/\/aik.se\/kamratklubben\/wp-content\/uploads\/sites\/12\/2026\/04\/IMG_0485-1280x1707.jpg 1280w, https:\/\/aik.se\/kamratklubben\/wp-content\/uploads\/sites\/12\/2026\/04\/IMG_0485-1920x2560.jpg 1920w\" sizes=\"auto, (max-width: 1536px) 100vw, 1536px\" \/><\/figure>\n\n\n<style>.wp-block-kadence-advancedheading.kt-adv-heading868_6afbbb-d6, .wp-block-kadence-advancedheading.kt-adv-heading868_6afbbb-d6[data-kb-block=\"kb-adv-heading868_6afbbb-d6\"]{font-style:normal;}.wp-block-kadence-advancedheading.kt-adv-heading868_6afbbb-d6 mark.kt-highlight, .wp-block-kadence-advancedheading.kt-adv-heading868_6afbbb-d6[data-kb-block=\"kb-adv-heading868_6afbbb-d6\"] mark.kt-highlight{font-style:normal;color:#f76a0c;-webkit-box-decoration-break:clone;box-decoration-break:clone;padding-top:0px;padding-right:0px;padding-bottom:0px;padding-left:0px;}.wp-block-kadence-advancedheading.kt-adv-heading868_6afbbb-d6 img.kb-inline-image, .wp-block-kadence-advancedheading.kt-adv-heading868_6afbbb-d6[data-kb-block=\"kb-adv-heading868_6afbbb-d6\"] img.kb-inline-image{width:150px;vertical-align:baseline;}<\/style>\n<h2 class=\"kt-adv-heading868_6afbbb-d6 wp-block-kadence-advancedheading\" data-kb-block=\"kb-adv-heading868_6afbbb-d6\">\u00c5rsm\u00f6te 2025<\/h2>\n\n\n\n<p>\u00c5rsm\u00f6tet 2025 h\u00f6lls den 7 maj p\u00e5 Best Western plus park hotell i Solna Centrum. R\u00f6stl\u00e4ngden blev 38 stycken det h\u00e4r \u00e5ret. Sune Hellstr\u00f6mer valdes till m\u00f6tets ordf\u00f6rande d\u00e4r han presenterade \u00e5rets styrelseber\u00e4ttelse. Ekonomin presenterades av Peter Hansson d\u00e4r han kunde konstatera att likviditeten fortfarande \u00e4r god. <\/p>\n\n\n\n<p>En tyst minut h\u00f6lls f\u00f6r v\u00e5ra medlemmar som tyv\u00e4rr g\u00e5tt bort under \u00e5ret. Stor saknad bland oss alla medlemmar.<\/p>\n\n\n\n<p>Medlemsavgiften blir of\u00f6r\u00e4ndrad och ligger  kvar p\u00e5 200  kronor\/\u00e5r och att \u00e4ven intr\u00e4desavgiften blir kvar p\u00e5 0 kronor.<\/p>\n\n\n\n<p><strong>Kamratklubbens utm\u00e4rkelse &#8221;\u00c5rets AIK:are 20<\/strong>24<\/p>\n\n\n\n<p>\u00c5rets AIK:are uts\u00e5gs \u00e4ven det h\u00e4r \u00e5ret och styrelsen beslutade enh\u00e4lligt att priset skulle g\u00e5 till Herrfotbollens Anton Sal\u00e9tros. Han fick ta emot priset f\u00f6r sin gedigna insats i AIK.<\/p>\n\n\n\n<p>Kamratklubben avtackade \u00e4ven v\u00e5r fantastiska revisor, Bertil Lindb\u00e4ck som efter 11 \u00e5r av ett gediget arbete endast kommer att n\u00f6ja sig med att vara medlem. Bertil har ett sinne f\u00f6r att rimma och sj\u00e4lvklart \u00e4ven denna g\u00e5ng under m\u00f6tet. STORT TACK f\u00f6r dina \u00e5r med oss i kamratklubben.<\/p>\n\n\n\n<p>Samtidigt passar vi p\u00e5 att h\u00e4lsa v\u00e5r nya revisor Bertil Wennstr\u00f6m v\u00e4lkommen. <\/p>\n\n\n\n<p><strong>G\u00e4stf\u00f6rel\u00e4sare<\/strong><\/p>\n\n\n\n<p>Anders H\u00fcbinette, tidigare chefsjurist SvFF, \u00e4r Hovr\u00e4ttsr\u00e5d och uts\u00e5gs 2023 av regeringens s\u00e4rskilda utredare av fr\u00e5gor f\u00f6r att komma till r\u00e4tta med ordningsst\u00f6rningar, pyroteknik och l\u00e4ktarv\u00e5ld. Dvs brott som beg\u00e5s av publik p\u00e5 idrottsevenemang. Anders ska presentera sin utredning i slutet av april och det kommer s\u00e4kert bli stor uppm\u00e4rksamhet, b\u00e5de medialt och i \u00f6vrigt.  Anders presenterade bakgrunden och f\u00f6rslagen kring problematiken p\u00e5 ett mycket intressant sett. Sj\u00e4lvklart fick v\u00e5ra medlemmar st\u00e4lla fr\u00e5gor och funderingar under kv\u00e4llen. <\/p>\n\n\n\n<p>STORT TACK till dig Anders f\u00f6r en intressant och givande presentation. <\/p>\n\n\n\n<p><\/p>\n\n\n\n<figure class=\"wp-block-image size-large is-resized\"><img loading=\"lazy\" decoding=\"async\" width=\"1536\" height=\"2048\" src=\"https:\/\/aik.se\/kamratklubben\/wp-content\/uploads\/sites\/12\/2025\/05\/IMG_3590-1536x2048.jpeg\" alt=\"\" class=\"wp-image-1151\" style=\"width:454px;height:auto\" srcset=\"https:\/\/aik.se\/kamratklubben\/wp-content\/uploads\/sites\/12\/2025\/05\/IMG_3590-scaled.jpeg 1536w, https:\/\/aik.se\/kamratklubben\/wp-content\/uploads\/sites\/12\/2025\/05\/IMG_3590-768x1024.jpeg 768w, https:\/\/aik.se\/kamratklubben\/wp-content\/uploads\/sites\/12\/2025\/05\/IMG_3590-1152x1536.jpeg 1152w, https:\/\/aik.se\/kamratklubben\/wp-content\/uploads\/sites\/12\/2025\/05\/IMG_3590-500x667.jpeg 500w, https:\/\/aik.se\/kamratklubben\/wp-content\/uploads\/sites\/12\/2025\/05\/IMG_3590-800x1067.jpeg 800w, https:\/\/aik.se\/kamratklubben\/wp-content\/uploads\/sites\/12\/2025\/05\/IMG_3590-1280x1707.jpeg 1280w, https:\/\/aik.se\/kamratklubben\/wp-content\/uploads\/sites\/12\/2025\/05\/IMG_3590-1920x2560.jpeg 1920w\" sizes=\"auto, (max-width: 1536px) 100vw, 1536px\" \/><\/figure>\n\n\n\n<p><\/p>\n\n\n\n<figure class=\"wp-block-image size-large is-resized\"><img loading=\"lazy\" decoding=\"async\" width=\"1536\" height=\"2048\" src=\"https:\/\/aik.se\/kamratklubben\/wp-content\/uploads\/sites\/12\/2025\/05\/IMG_3592-1536x2048.jpeg\" alt=\"\" class=\"wp-image-1153\" style=\"width:457px;height:auto\" srcset=\"https:\/\/aik.se\/kamratklubben\/wp-content\/uploads\/sites\/12\/2025\/05\/IMG_3592-scaled.jpeg 1536w, https:\/\/aik.se\/kamratklubben\/wp-content\/uploads\/sites\/12\/2025\/05\/IMG_3592-768x1024.jpeg 768w, https:\/\/aik.se\/kamratklubben\/wp-content\/uploads\/sites\/12\/2025\/05\/IMG_3592-1152x1536.jpeg 1152w, https:\/\/aik.se\/kamratklubben\/wp-content\/uploads\/sites\/12\/2025\/05\/IMG_3592-500x667.jpeg 500w, https:\/\/aik.se\/kamratklubben\/wp-content\/uploads\/sites\/12\/2025\/05\/IMG_3592-800x1067.jpeg 800w, https:\/\/aik.se\/kamratklubben\/wp-content\/uploads\/sites\/12\/2025\/05\/IMG_3592-1280x1707.jpeg 1280w, https:\/\/aik.se\/kamratklubben\/wp-content\/uploads\/sites\/12\/2025\/05\/IMG_3592-1920x2560.jpeg 1920w\" sizes=\"auto, (max-width: 1536px) 100vw, 1536px\" \/><\/figure>\n\n\n\n<figure class=\"wp-block-image size-large is-resized\"><img loading=\"lazy\" decoding=\"async\" width=\"1536\" height=\"2048\" src=\"https:\/\/aik.se\/kamratklubben\/wp-content\/uploads\/sites\/12\/2025\/05\/IMG_3593-1536x2048.jpeg\" alt=\"\" class=\"wp-image-1154\" style=\"width:457px;height:auto\" srcset=\"https:\/\/aik.se\/kamratklubben\/wp-content\/uploads\/sites\/12\/2025\/05\/IMG_3593-scaled.jpeg 1536w, https:\/\/aik.se\/kamratklubben\/wp-content\/uploads\/sites\/12\/2025\/05\/IMG_3593-768x1024.jpeg 768w, https:\/\/aik.se\/kamratklubben\/wp-content\/uploads\/sites\/12\/2025\/05\/IMG_3593-1152x1536.jpeg 1152w, https:\/\/aik.se\/kamratklubben\/wp-content\/uploads\/sites\/12\/2025\/05\/IMG_3593-500x667.jpeg 500w, https:\/\/aik.se\/kamratklubben\/wp-content\/uploads\/sites\/12\/2025\/05\/IMG_3593-800x1067.jpeg 800w, https:\/\/aik.se\/kamratklubben\/wp-content\/uploads\/sites\/12\/2025\/05\/IMG_3593-1280x1707.jpeg 1280w, https:\/\/aik.se\/kamratklubben\/wp-content\/uploads\/sites\/12\/2025\/05\/IMG_3593-1920x2560.jpeg 1920w\" sizes=\"auto, (max-width: 1536px) 100vw, 1536px\" \/><\/figure>\n\n\n\n<figure class=\"wp-block-image size-large is-resized\"><img loading=\"lazy\" decoding=\"async\" width=\"1536\" height=\"2048\" src=\"https:\/\/aik.se\/kamratklubben\/wp-content\/uploads\/sites\/12\/2025\/05\/IMG_3595-1536x2048.jpeg\" alt=\"\" class=\"wp-image-1155\" style=\"width:457px;height:auto\" srcset=\"https:\/\/aik.se\/kamratklubben\/wp-content\/uploads\/sites\/12\/2025\/05\/IMG_3595-scaled.jpeg 1536w, https:\/\/aik.se\/kamratklubben\/wp-content\/uploads\/sites\/12\/2025\/05\/IMG_3595-768x1024.jpeg 768w, https:\/\/aik.se\/kamratklubben\/wp-content\/uploads\/sites\/12\/2025\/05\/IMG_3595-1152x1536.jpeg 1152w, https:\/\/aik.se\/kamratklubben\/wp-content\/uploads\/sites\/12\/2025\/05\/IMG_3595-500x667.jpeg 500w, https:\/\/aik.se\/kamratklubben\/wp-content\/uploads\/sites\/12\/2025\/05\/IMG_3595-800x1067.jpeg 800w, https:\/\/aik.se\/kamratklubben\/wp-content\/uploads\/sites\/12\/2025\/05\/IMG_3595-1280x1707.jpeg 1280w, https:\/\/aik.se\/kamratklubben\/wp-content\/uploads\/sites\/12\/2025\/05\/IMG_3595-1920x2560.jpeg 1920w\" sizes=\"auto, (max-width: 1536px) 100vw, 1536px\" \/><\/figure>\n\n\n\n<figure class=\"wp-block-image size-large is-resized\"><img loading=\"lazy\" decoding=\"async\" width=\"1536\" height=\"2048\" src=\"https:\/\/aik.se\/kamratklubben\/wp-content\/uploads\/sites\/12\/2025\/05\/IMG_3596-1536x2048.jpeg\" alt=\"\" class=\"wp-image-1156\" style=\"width:459px;height:auto\" srcset=\"https:\/\/aik.se\/kamratklubben\/wp-content\/uploads\/sites\/12\/2025\/05\/IMG_3596-scaled.jpeg 1536w, https:\/\/aik.se\/kamratklubben\/wp-content\/uploads\/sites\/12\/2025\/05\/IMG_3596-768x1024.jpeg 768w, https:\/\/aik.se\/kamratklubben\/wp-content\/uploads\/sites\/12\/2025\/05\/IMG_3596-1152x1536.jpeg 1152w, https:\/\/aik.se\/kamratklubben\/wp-content\/uploads\/sites\/12\/2025\/05\/IMG_3596-500x667.jpeg 500w, https:\/\/aik.se\/kamratklubben\/wp-content\/uploads\/sites\/12\/2025\/05\/IMG_3596-800x1067.jpeg 800w, https:\/\/aik.se\/kamratklubben\/wp-content\/uploads\/sites\/12\/2025\/05\/IMG_3596-1280x1707.jpeg 1280w, https:\/\/aik.se\/kamratklubben\/wp-content\/uploads\/sites\/12\/2025\/05\/IMG_3596-1920x2560.jpeg 1920w\" sizes=\"auto, (max-width: 1536px) 100vw, 1536px\" \/><\/figure>\n\n\n\n<figure class=\"wp-block-image size-large is-resized\"><img loading=\"lazy\" decoding=\"async\" width=\"1536\" height=\"2048\" src=\"https:\/\/aik.se\/kamratklubben\/wp-content\/uploads\/sites\/12\/2025\/05\/IMG_3599-1536x2048.jpeg\" alt=\"\" class=\"wp-image-1157\" style=\"width:460px;height:auto\" srcset=\"https:\/\/aik.se\/kamratklubben\/wp-content\/uploads\/sites\/12\/2025\/05\/IMG_3599-scaled.jpeg 1536w, https:\/\/aik.se\/kamratklubben\/wp-content\/uploads\/sites\/12\/2025\/05\/IMG_3599-768x1024.jpeg 768w, https:\/\/aik.se\/kamratklubben\/wp-content\/uploads\/sites\/12\/2025\/05\/IMG_3599-1152x1536.jpeg 1152w, https:\/\/aik.se\/kamratklubben\/wp-content\/uploads\/sites\/12\/2025\/05\/IMG_3599-500x667.jpeg 500w, https:\/\/aik.se\/kamratklubben\/wp-content\/uploads\/sites\/12\/2025\/05\/IMG_3599-800x1067.jpeg 800w, https:\/\/aik.se\/kamratklubben\/wp-content\/uploads\/sites\/12\/2025\/05\/IMG_3599-1280x1707.jpeg 1280w, https:\/\/aik.se\/kamratklubben\/wp-content\/uploads\/sites\/12\/2025\/05\/IMG_3599-1920x2560.jpeg 1920w\" sizes=\"auto, (max-width: 1536px) 100vw, 1536px\" \/><\/figure>\n\n\n\n<figure class=\"wp-block-image size-large is-resized\"><img loading=\"lazy\" decoding=\"async\" width=\"1536\" height=\"2048\" src=\"https:\/\/aik.se\/kamratklubben\/wp-content\/uploads\/sites\/12\/2025\/05\/IMG_3600-1536x2048.jpeg\" alt=\"\" class=\"wp-image-1158\" style=\"width:452px;height:auto\" srcset=\"https:\/\/aik.se\/kamratklubben\/wp-content\/uploads\/sites\/12\/2025\/05\/IMG_3600-scaled.jpeg 1536w, https:\/\/aik.se\/kamratklubben\/wp-content\/uploads\/sites\/12\/2025\/05\/IMG_3600-768x1024.jpeg 768w, https:\/\/aik.se\/kamratklubben\/wp-content\/uploads\/sites\/12\/2025\/05\/IMG_3600-1152x1536.jpeg 1152w, https:\/\/aik.se\/kamratklubben\/wp-content\/uploads\/sites\/12\/2025\/05\/IMG_3600-500x667.jpeg 500w, https:\/\/aik.se\/kamratklubben\/wp-content\/uploads\/sites\/12\/2025\/05\/IMG_3600-800x1067.jpeg 800w, https:\/\/aik.se\/kamratklubben\/wp-content\/uploads\/sites\/12\/2025\/05\/IMG_3600-1280x1707.jpeg 1280w, https:\/\/aik.se\/kamratklubben\/wp-content\/uploads\/sites\/12\/2025\/05\/IMG_3600-1920x2560.jpeg 1920w\" sizes=\"auto, (max-width: 1536px) 100vw, 1536px\" \/><\/figure>\n\n\n<style>.wp-block-kadence-advancedheading.kt-adv-heading868_7ba9ed-96, .wp-block-kadence-advancedheading.kt-adv-heading868_7ba9ed-96[data-kb-block=\"kb-adv-heading868_7ba9ed-96\"]{font-style:normal;}.wp-block-kadence-advancedheading.kt-adv-heading868_7ba9ed-96 mark.kt-highlight, .wp-block-kadence-advancedheading.kt-adv-heading868_7ba9ed-96[data-kb-block=\"kb-adv-heading868_7ba9ed-96\"] mark.kt-highlight{font-style:normal;color:#f76a0c;-webkit-box-decoration-break:clone;box-decoration-break:clone;padding-top:0px;padding-right:0px;padding-bottom:0px;padding-left:0px;}.wp-block-kadence-advancedheading.kt-adv-heading868_7ba9ed-96 img.kb-inline-image, .wp-block-kadence-advancedheading.kt-adv-heading868_7ba9ed-96[data-kb-block=\"kb-adv-heading868_7ba9ed-96\"] img.kb-inline-image{width:150px;vertical-align:baseline;}<\/style>\n<h2 class=\"kt-adv-heading868_7ba9ed-96 wp-block-kadence-advancedheading\" data-kb-block=\"kb-adv-heading868_7ba9ed-96\">\u00c5rsm\u00f6te 2024<\/h2>\n\n\n\n<p>\u00c5rsm\u00f6tet 2024 genomf\u00f6rdes Onsdagen den 17 april p\u00e5 Best Western plus park hotell i Solna Centrum. Ut\u00f6ver \u00e5rsm\u00f6tet presenterades kv\u00e4llens program d\u00e4r den v\u00e4rldsk\u00e4nda champagneexperten Richard Juhlin hade en fantastisk f\u00f6rel\u00e4sning med efterf\u00f6ljande champagneprovning. Vi g\u00e4stades \u00e4ven av legendaren Ulf &#8221;pr\u00f6jsarn&#8221; Nilsson som ber\u00e4ttade lite kort om sin karri\u00e4r. P\u00e5 programmet hade vi \u00e4ven \u00e5rets AIK:are 2023 som blev chefstr\u00e4nare Jesper Bj\u00f6rk, AIK:s damfotbollslag.<\/p>\n\n\n\n<p>Vi h\u00f6ll en tyst stund f\u00f6r medlemmar som tyv\u00e4rr har g\u00e5tt bort.<\/p>\n\n\n\n<p><strong>\u00c5rsm\u00f6tet<\/strong> inleddes i god tid d\u00e4r r\u00f6stl\u00e4ngden var 34 st. Sune Hellstr\u00f6mer valdes till m\u00f6tets ordf\u00f6rande och han gick igenom styrelseber\u00e4ttelsen. Ekonomin presenterades och det kan konstateras att likviditeten \u00e4r god.<\/p>\n\n\n\n<p>Det beslutades att \u00e5rsavgiften ska ligga kvar p\u00e5 200 kr per \u00e5r och att intr\u00e4desavgiften fortfarande \u00e4r 0 kr.<\/p>\n\n\n\n<p>Fr\u00e5gest\u00e4llning betr\u00e4ffande ishockeybiljetter v\u00e4cktes och m\u00f6jligheten till rabatterade priser. Styrelseledamoten Christer Barck ber\u00e4ttade att det \u00e4r sv\u00e5rt men ska kontrollera upp det till kommande s\u00e4song.<\/p>\n\n\n\n<p>Valberedningens f\u00f6rslag klubbades igenom d\u00e4r styrelsen ser ut p\u00e5 f\u00f6ljande s\u00e4tt:<\/p>\n\n\n\n<p>Ordf\u00f6rande Sune Hellstr\u00f6mer<\/p>\n\n\n\n<p>Styrelseledam\u00f6ter, Christer Bruzelius, Jan Hallberg, Peter Hansson, Mona Lyfors, Christer Barck samt Rosemarie Ringnell<\/p>\n\n\n\n<p>Suppleant, Kenneth Wester<\/p>\n\n\n\n<p>till valberedningen valdes Lennart Krook, Jarl Fransson samt Kjell Sahlstr\u00f6m.<\/p>\n\n\n\n<figure class=\"wp-block-image size-large is-resized\"><img loading=\"lazy\" decoding=\"async\" width=\"1536\" height=\"2048\" src=\"https:\/\/aik.se\/kamratklubben\/wp-content\/uploads\/sites\/12\/2024\/04\/IMG_2762-1536x2048.jpeg\" alt=\"\" class=\"wp-image-1063\" style=\"width:348px;height:auto\" srcset=\"https:\/\/aik.se\/kamratklubben\/wp-content\/uploads\/sites\/12\/2024\/04\/IMG_2762-scaled.jpeg 1536w, https:\/\/aik.se\/kamratklubben\/wp-content\/uploads\/sites\/12\/2024\/04\/IMG_2762-768x1024.jpeg 768w, https:\/\/aik.se\/kamratklubben\/wp-content\/uploads\/sites\/12\/2024\/04\/IMG_2762-1152x1536.jpeg 1152w, https:\/\/aik.se\/kamratklubben\/wp-content\/uploads\/sites\/12\/2024\/04\/IMG_2762-500x667.jpeg 500w, https:\/\/aik.se\/kamratklubben\/wp-content\/uploads\/sites\/12\/2024\/04\/IMG_2762-800x1067.jpeg 800w, https:\/\/aik.se\/kamratklubben\/wp-content\/uploads\/sites\/12\/2024\/04\/IMG_2762-1280x1707.jpeg 1280w, https:\/\/aik.se\/kamratklubben\/wp-content\/uploads\/sites\/12\/2024\/04\/IMG_2762-1920x2560.jpeg 1920w\" sizes=\"auto, (max-width: 1536px) 100vw, 1536px\" \/><\/figure>\n\n\n\n<p><\/p>\n\n\n\n<p>Sune Hellstr\u00f6mer inleder \u00c5rsm\u00f6tet 2024<\/p>\n\n\n\n<figure class=\"wp-block-image size-large is-resized\"><img loading=\"lazy\" decoding=\"async\" width=\"1536\" height=\"2048\" src=\"https:\/\/aik.se\/kamratklubben\/wp-content\/uploads\/sites\/12\/2024\/04\/IMG_2760-1536x2048.jpeg\" alt=\"\" class=\"wp-image-1065\" style=\"width:410px;height:auto\" srcset=\"https:\/\/aik.se\/kamratklubben\/wp-content\/uploads\/sites\/12\/2024\/04\/IMG_2760-scaled.jpeg 1536w, https:\/\/aik.se\/kamratklubben\/wp-content\/uploads\/sites\/12\/2024\/04\/IMG_2760-768x1024.jpeg 768w, https:\/\/aik.se\/kamratklubben\/wp-content\/uploads\/sites\/12\/2024\/04\/IMG_2760-1152x1536.jpeg 1152w, https:\/\/aik.se\/kamratklubben\/wp-content\/uploads\/sites\/12\/2024\/04\/IMG_2760-500x667.jpeg 500w, https:\/\/aik.se\/kamratklubben\/wp-content\/uploads\/sites\/12\/2024\/04\/IMG_2760-800x1067.jpeg 800w, https:\/\/aik.se\/kamratklubben\/wp-content\/uploads\/sites\/12\/2024\/04\/IMG_2760-1280x1707.jpeg 1280w, https:\/\/aik.se\/kamratklubben\/wp-content\/uploads\/sites\/12\/2024\/04\/IMG_2760-1920x2560.jpeg 1920w\" sizes=\"auto, (max-width: 1536px) 100vw, 1536px\" \/><\/figure>\n\n\n<style>.wp-block-kadence-advancedheading.kt-adv-heading868_2d0b59-21, .wp-block-kadence-advancedheading.kt-adv-heading868_2d0b59-21[data-kb-block=\"kb-adv-heading868_2d0b59-21\"]{font-style:normal;}.wp-block-kadence-advancedheading.kt-adv-heading868_2d0b59-21 mark.kt-highlight, .wp-block-kadence-advancedheading.kt-adv-heading868_2d0b59-21[data-kb-block=\"kb-adv-heading868_2d0b59-21\"] mark.kt-highlight{font-style:normal;color:#f76a0c;-webkit-box-decoration-break:clone;box-decoration-break:clone;padding-top:0px;padding-right:0px;padding-bottom:0px;padding-left:0px;}.wp-block-kadence-advancedheading.kt-adv-heading868_2d0b59-21 img.kb-inline-image, .wp-block-kadence-advancedheading.kt-adv-heading868_2d0b59-21[data-kb-block=\"kb-adv-heading868_2d0b59-21\"] img.kb-inline-image{width:150px;vertical-align:baseline;}<\/style>\n<p class=\"kt-adv-heading868_2d0b59-21 wp-block-kadence-advancedheading\" data-kb-block=\"kb-adv-heading868_2d0b59-21\">Lite mingel innan \u00e5rsm\u00f6tet med legenden Ulf &#8221;Pr\u00f6jsarn&#8221; Nilsson<\/p>\n\n\n\n<figure class=\"wp-block-image size-large is-resized\"><img loading=\"lazy\" decoding=\"async\" width=\"1536\" height=\"2048\" src=\"https:\/\/aik.se\/kamratklubben\/wp-content\/uploads\/sites\/12\/2024\/04\/IMG_2761-1536x2048.jpeg\" alt=\"\" class=\"wp-image-1067\" style=\"width:412px;height:auto\" srcset=\"https:\/\/aik.se\/kamratklubben\/wp-content\/uploads\/sites\/12\/2024\/04\/IMG_2761-scaled.jpeg 1536w, https:\/\/aik.se\/kamratklubben\/wp-content\/uploads\/sites\/12\/2024\/04\/IMG_2761-768x1024.jpeg 768w, https:\/\/aik.se\/kamratklubben\/wp-content\/uploads\/sites\/12\/2024\/04\/IMG_2761-1152x1536.jpeg 1152w, https:\/\/aik.se\/kamratklubben\/wp-content\/uploads\/sites\/12\/2024\/04\/IMG_2761-500x667.jpeg 500w, https:\/\/aik.se\/kamratklubben\/wp-content\/uploads\/sites\/12\/2024\/04\/IMG_2761-800x1067.jpeg 800w, https:\/\/aik.se\/kamratklubben\/wp-content\/uploads\/sites\/12\/2024\/04\/IMG_2761-1280x1707.jpeg 1280w, https:\/\/aik.se\/kamratklubben\/wp-content\/uploads\/sites\/12\/2024\/04\/IMG_2761-1920x2560.jpeg 1920w\" sizes=\"auto, (max-width: 1536px) 100vw, 1536px\" \/><\/figure>\n\n\n\n<figure class=\"wp-block-image size-large is-resized\"><img loading=\"lazy\" decoding=\"async\" width=\"1536\" height=\"2048\" src=\"https:\/\/aik.se\/kamratklubben\/wp-content\/uploads\/sites\/12\/2024\/04\/IMG_2763-1536x2048.jpeg\" alt=\"\" class=\"wp-image-1069\" style=\"width:409px;height:auto\" srcset=\"https:\/\/aik.se\/kamratklubben\/wp-content\/uploads\/sites\/12\/2024\/04\/IMG_2763-scaled.jpeg 1536w, https:\/\/aik.se\/kamratklubben\/wp-content\/uploads\/sites\/12\/2024\/04\/IMG_2763-768x1024.jpeg 768w, https:\/\/aik.se\/kamratklubben\/wp-content\/uploads\/sites\/12\/2024\/04\/IMG_2763-1152x1536.jpeg 1152w, https:\/\/aik.se\/kamratklubben\/wp-content\/uploads\/sites\/12\/2024\/04\/IMG_2763-500x667.jpeg 500w, https:\/\/aik.se\/kamratklubben\/wp-content\/uploads\/sites\/12\/2024\/04\/IMG_2763-800x1067.jpeg 800w, https:\/\/aik.se\/kamratklubben\/wp-content\/uploads\/sites\/12\/2024\/04\/IMG_2763-1280x1707.jpeg 1280w, https:\/\/aik.se\/kamratklubben\/wp-content\/uploads\/sites\/12\/2024\/04\/IMG_2763-1920x2560.jpeg 1920w\" sizes=\"auto, (max-width: 1536px) 100vw, 1536px\" \/><\/figure>\n\n\n\n<figure class=\"wp-block-image size-large is-resized\"><img loading=\"lazy\" decoding=\"async\" width=\"1536\" height=\"2048\" src=\"https:\/\/aik.se\/kamratklubben\/wp-content\/uploads\/sites\/12\/2024\/04\/IMG_2766-1536x2048.jpeg\" alt=\"\" class=\"wp-image-1071\" style=\"width:410px;height:auto\" srcset=\"https:\/\/aik.se\/kamratklubben\/wp-content\/uploads\/sites\/12\/2024\/04\/IMG_2766-scaled.jpeg 1536w, https:\/\/aik.se\/kamratklubben\/wp-content\/uploads\/sites\/12\/2024\/04\/IMG_2766-768x1024.jpeg 768w, https:\/\/aik.se\/kamratklubben\/wp-content\/uploads\/sites\/12\/2024\/04\/IMG_2766-1152x1536.jpeg 1152w, https:\/\/aik.se\/kamratklubben\/wp-content\/uploads\/sites\/12\/2024\/04\/IMG_2766-500x667.jpeg 500w, https:\/\/aik.se\/kamratklubben\/wp-content\/uploads\/sites\/12\/2024\/04\/IMG_2766-800x1067.jpeg 800w, https:\/\/aik.se\/kamratklubben\/wp-content\/uploads\/sites\/12\/2024\/04\/IMG_2766-1280x1707.jpeg 1280w, https:\/\/aik.se\/kamratklubben\/wp-content\/uploads\/sites\/12\/2024\/04\/IMG_2766-1920x2560.jpeg 1920w\" sizes=\"auto, (max-width: 1536px) 100vw, 1536px\" \/><\/figure>\n\n\n\n<figure class=\"wp-block-image size-large is-resized\"><img loading=\"lazy\" decoding=\"async\" width=\"1536\" height=\"2048\" src=\"https:\/\/aik.se\/kamratklubben\/wp-content\/uploads\/sites\/12\/2024\/04\/IMG_2771-1536x2048.jpeg\" alt=\"\" class=\"wp-image-1072\" style=\"width:414px;height:auto\" srcset=\"https:\/\/aik.se\/kamratklubben\/wp-content\/uploads\/sites\/12\/2024\/04\/IMG_2771-scaled.jpeg 1536w, https:\/\/aik.se\/kamratklubben\/wp-content\/uploads\/sites\/12\/2024\/04\/IMG_2771-768x1024.jpeg 768w, https:\/\/aik.se\/kamratklubben\/wp-content\/uploads\/sites\/12\/2024\/04\/IMG_2771-1152x1536.jpeg 1152w, https:\/\/aik.se\/kamratklubben\/wp-content\/uploads\/sites\/12\/2024\/04\/IMG_2771-500x667.jpeg 500w, https:\/\/aik.se\/kamratklubben\/wp-content\/uploads\/sites\/12\/2024\/04\/IMG_2771-800x1067.jpeg 800w, https:\/\/aik.se\/kamratklubben\/wp-content\/uploads\/sites\/12\/2024\/04\/IMG_2771-1280x1707.jpeg 1280w, https:\/\/aik.se\/kamratklubben\/wp-content\/uploads\/sites\/12\/2024\/04\/IMG_2771-1920x2560.jpeg 1920w\" sizes=\"auto, (max-width: 1536px) 100vw, 1536px\" \/><\/figure>\n\n\n\n<figure class=\"wp-block-image size-large is-resized\"><img loading=\"lazy\" decoding=\"async\" width=\"1536\" height=\"2048\" src=\"https:\/\/aik.se\/kamratklubben\/wp-content\/uploads\/sites\/12\/2024\/04\/IMG_2775-1536x2048.jpeg\" alt=\"\" class=\"wp-image-1073\" style=\"width:416px;height:auto\" srcset=\"https:\/\/aik.se\/kamratklubben\/wp-content\/uploads\/sites\/12\/2024\/04\/IMG_2775-scaled.jpeg 1536w, https:\/\/aik.se\/kamratklubben\/wp-content\/uploads\/sites\/12\/2024\/04\/IMG_2775-768x1024.jpeg 768w, https:\/\/aik.se\/kamratklubben\/wp-content\/uploads\/sites\/12\/2024\/04\/IMG_2775-1152x1536.jpeg 1152w, https:\/\/aik.se\/kamratklubben\/wp-content\/uploads\/sites\/12\/2024\/04\/IMG_2775-500x667.jpeg 500w, https:\/\/aik.se\/kamratklubben\/wp-content\/uploads\/sites\/12\/2024\/04\/IMG_2775-800x1067.jpeg 800w, https:\/\/aik.se\/kamratklubben\/wp-content\/uploads\/sites\/12\/2024\/04\/IMG_2775-1280x1707.jpeg 1280w, https:\/\/aik.se\/kamratklubben\/wp-content\/uploads\/sites\/12\/2024\/04\/IMG_2775-1920x2560.jpeg 1920w\" sizes=\"auto, (max-width: 1536px) 100vw, 1536px\" \/><\/figure>\n\n\n\n<p>\u00c5rets AIK:are 2023 blev Jesper Bj\u00f6rk, chefstr\u00e4nare f\u00f6r Damlaget i fotboll.<\/p>\n\n\n\n<p>Motiveringen:<\/p>\n\n\n\n<p>Jesper kom till AIK 2010 d\u00e4r han inledde med att tr\u00e4na P95 samt F94 som han f\u00f6r \u00f6vrigt vann Sankt Erikscupen med. Efter det tr\u00e4nade han F95 f\u00f6r att sedan ta \u00f6ver det framg\u00e5ngsrika P99 d\u00e4r bland annat Alexander Isak spelade. Jesper f\u00f6rsvann sedan 3 \u00e5r till en annan Stockholmsklubb f\u00f6r att sedan \u00e5terv\u00e4nda till AIK d\u00e4r han blev chefscout ungdom. Han blev sedan chefstr\u00e4nare f\u00f6r P17 som f\u00f6r \u00f6vrigt tog SM-guld och Ligacupvinst.<\/p>\n\n\n\n<p>Jesper tog \u00f6ver rollen som chefstr\u00e4nare till damlaget maj 2022 med siktet inst\u00e4llt p\u00e5 att ta steget upp till allsvenskan. Det blev en succ\u00e9s\u00e4song i elitettan d\u00e4r laget inte f\u00f6rloraren enda match och avancemanget blev ett faktum.<\/p>\n\n\n\n<p>Andra beskriver Jesper som en h\u00e5rt arbetande ledare med b\u00e5de krav p\u00e5 sig sj\u00e4lv och omgivning. Han beskrivs som en skicklig tr\u00e4nare med ett stort intresse f\u00f6r strategi. Han beskrivs som v\u00e4ldigt lyh\u00f6rd, flexibel samt omh\u00e4ndertagande d\u00e4r b\u00e5de individ och kollektiv s\u00e4tts i fokus.<\/p>\n\n\n\n<p>Han beskriver sj\u00e4lv att jobbet som ledde till succ\u00e9s\u00e4songen gjordes tillsammans med ledarstab och spelarna i laget. Han ser fram emot den nya s\u00e4songen d\u00e4r h\u00e5rt arbete kommer att kr\u00e4vas och f\u00f6rb\u00e4ttring spelm\u00e4ssigt och tempom\u00e4ssigt.<\/p>\n\n\n\n<figure class=\"wp-block-image size-large is-resized\"><img loading=\"lazy\" decoding=\"async\" width=\"1536\" height=\"2048\" src=\"https:\/\/aik.se\/kamratklubben\/wp-content\/uploads\/sites\/12\/2024\/04\/IMG_2781-1536x2048.jpeg\" alt=\"\" class=\"wp-image-1076\" style=\"width:397px;height:auto\" srcset=\"https:\/\/aik.se\/kamratklubben\/wp-content\/uploads\/sites\/12\/2024\/04\/IMG_2781-scaled.jpeg 1536w, https:\/\/aik.se\/kamratklubben\/wp-content\/uploads\/sites\/12\/2024\/04\/IMG_2781-768x1024.jpeg 768w, https:\/\/aik.se\/kamratklubben\/wp-content\/uploads\/sites\/12\/2024\/04\/IMG_2781-1152x1536.jpeg 1152w, https:\/\/aik.se\/kamratklubben\/wp-content\/uploads\/sites\/12\/2024\/04\/IMG_2781-500x667.jpeg 500w, https:\/\/aik.se\/kamratklubben\/wp-content\/uploads\/sites\/12\/2024\/04\/IMG_2781-800x1067.jpeg 800w, https:\/\/aik.se\/kamratklubben\/wp-content\/uploads\/sites\/12\/2024\/04\/IMG_2781-1280x1707.jpeg 1280w, https:\/\/aik.se\/kamratklubben\/wp-content\/uploads\/sites\/12\/2024\/04\/IMG_2781-1920x2560.jpeg 1920w\" sizes=\"auto, (max-width: 1536px) 100vw, 1536px\" \/><\/figure>\n\n\n\n<p>Legendaren Ulf &#8221;Pr\u00f6jsarn&#8221; Nilsson ber\u00e4ttar lite om sin karri\u00e4r.<\/p>\n\n\n\n<figure class=\"wp-block-image size-large is-resized\"><img loading=\"lazy\" decoding=\"async\" width=\"1536\" height=\"2048\" src=\"https:\/\/aik.se\/kamratklubben\/wp-content\/uploads\/sites\/12\/2024\/04\/IMG_2789-1536x2048.jpeg\" alt=\"\" class=\"wp-image-1078\" style=\"width:403px;height:auto\" srcset=\"https:\/\/aik.se\/kamratklubben\/wp-content\/uploads\/sites\/12\/2024\/04\/IMG_2789-scaled.jpeg 1536w, https:\/\/aik.se\/kamratklubben\/wp-content\/uploads\/sites\/12\/2024\/04\/IMG_2789-768x1024.jpeg 768w, https:\/\/aik.se\/kamratklubben\/wp-content\/uploads\/sites\/12\/2024\/04\/IMG_2789-1152x1536.jpeg 1152w, https:\/\/aik.se\/kamratklubben\/wp-content\/uploads\/sites\/12\/2024\/04\/IMG_2789-500x667.jpeg 500w, https:\/\/aik.se\/kamratklubben\/wp-content\/uploads\/sites\/12\/2024\/04\/IMG_2789-800x1067.jpeg 800w, https:\/\/aik.se\/kamratklubben\/wp-content\/uploads\/sites\/12\/2024\/04\/IMG_2789-1280x1707.jpeg 1280w, https:\/\/aik.se\/kamratklubben\/wp-content\/uploads\/sites\/12\/2024\/04\/IMG_2789-1920x2560.jpeg 1920w\" sizes=\"auto, (max-width: 1536px) 100vw, 1536px\" \/><\/figure>\n\n\n\n<figure class=\"wp-block-image size-large is-resized\"><img loading=\"lazy\" decoding=\"async\" width=\"1536\" height=\"2048\" src=\"https:\/\/aik.se\/kamratklubben\/wp-content\/uploads\/sites\/12\/2024\/04\/IMG_2798-1536x2048.jpeg\" alt=\"\" class=\"wp-image-1081\" style=\"width:429px;height:auto\" srcset=\"https:\/\/aik.se\/kamratklubben\/wp-content\/uploads\/sites\/12\/2024\/04\/IMG_2798-scaled.jpeg 1536w, https:\/\/aik.se\/kamratklubben\/wp-content\/uploads\/sites\/12\/2024\/04\/IMG_2798-768x1024.jpeg 768w, https:\/\/aik.se\/kamratklubben\/wp-content\/uploads\/sites\/12\/2024\/04\/IMG_2798-1152x1536.jpeg 1152w, https:\/\/aik.se\/kamratklubben\/wp-content\/uploads\/sites\/12\/2024\/04\/IMG_2798-500x667.jpeg 500w, https:\/\/aik.se\/kamratklubben\/wp-content\/uploads\/sites\/12\/2024\/04\/IMG_2798-800x1067.jpeg 800w, https:\/\/aik.se\/kamratklubben\/wp-content\/uploads\/sites\/12\/2024\/04\/IMG_2798-1280x1707.jpeg 1280w, https:\/\/aik.se\/kamratklubben\/wp-content\/uploads\/sites\/12\/2024\/04\/IMG_2798-1920x2560.jpeg 1920w\" sizes=\"auto, (max-width: 1536px) 100vw, 1536px\" \/><\/figure>\n\n\n\n<p>Vilken fantastisk kv\u00e4ll Richard Juhlin bj\u00f6d p\u00e5 n\u00e4r han ber\u00e4ttade dels om sin egen karri\u00e4r i AIK samt hur intresset och f\u00f6rm\u00e5gan med Champagne\/mousserande vin b\u00f6rjade. <\/p>\n\n\n\n<p>Han uppt\u00e4ckte i tidig \u00e5lder att hans luktsinne var n\u00e5got ut\u00f6ver det vanliga och n\u00e4r han introducerades av bland annat vin v\u00e4cktes hans intresse f\u00f6r drycker. Han \u00e4r k\u00e4nd i hela v\u00e4rlden f\u00f6r sin kunskap och vi \u00e4r oerh\u00f6rt tacksamma f\u00f6r hans n\u00e4rvaro och f\u00f6rel\u00e4sning.<\/p>\n\n\n\n<p>Vi fick m\u00f6jlighet att prova v\u00e5ra egna lukt och smaksinnen genom att &#8221;blindsmaka&#8221; 3 olika sorter vilket var v\u00e4ldigt sp\u00e4nnande. Vi fick \u00e4ven l\u00e4ra oss hur man smakar och luktar med n\u00e4san och munnen samt hur man h\u00e5ller i ett glas.<\/p>\n\n\n\n<p>Stort Tack!<\/p>\n\n\n\n<figure class=\"wp-block-image size-large is-resized\"><img loading=\"lazy\" decoding=\"async\" width=\"1536\" height=\"2048\" src=\"https:\/\/aik.se\/kamratklubben\/wp-content\/uploads\/sites\/12\/2024\/04\/IMG_2802-1536x2048.jpeg\" alt=\"\" class=\"wp-image-1083\" style=\"width:440px;height:auto\" srcset=\"https:\/\/aik.se\/kamratklubben\/wp-content\/uploads\/sites\/12\/2024\/04\/IMG_2802-scaled.jpeg 1536w, https:\/\/aik.se\/kamratklubben\/wp-content\/uploads\/sites\/12\/2024\/04\/IMG_2802-768x1024.jpeg 768w, https:\/\/aik.se\/kamratklubben\/wp-content\/uploads\/sites\/12\/2024\/04\/IMG_2802-1152x1536.jpeg 1152w, https:\/\/aik.se\/kamratklubben\/wp-content\/uploads\/sites\/12\/2024\/04\/IMG_2802-500x667.jpeg 500w, https:\/\/aik.se\/kamratklubben\/wp-content\/uploads\/sites\/12\/2024\/04\/IMG_2802-800x1067.jpeg 800w, https:\/\/aik.se\/kamratklubben\/wp-content\/uploads\/sites\/12\/2024\/04\/IMG_2802-1280x1707.jpeg 1280w, https:\/\/aik.se\/kamratklubben\/wp-content\/uploads\/sites\/12\/2024\/04\/IMG_2802-1920x2560.jpeg 1920w\" sizes=\"auto, (max-width: 1536px) 100vw, 1536px\" \/><\/figure>\n\n\n\n<figure class=\"wp-block-image size-large is-resized\"><img loading=\"lazy\" decoding=\"async\" width=\"1536\" height=\"2048\" src=\"https:\/\/aik.se\/kamratklubben\/wp-content\/uploads\/sites\/12\/2024\/04\/IMG_2803-1536x2048.jpeg\" alt=\"\" class=\"wp-image-1084\" style=\"width:457px;height:auto\" srcset=\"https:\/\/aik.se\/kamratklubben\/wp-content\/uploads\/sites\/12\/2024\/04\/IMG_2803-scaled.jpeg 1536w, https:\/\/aik.se\/kamratklubben\/wp-content\/uploads\/sites\/12\/2024\/04\/IMG_2803-768x1024.jpeg 768w, https:\/\/aik.se\/kamratklubben\/wp-content\/uploads\/sites\/12\/2024\/04\/IMG_2803-1152x1536.jpeg 1152w, https:\/\/aik.se\/kamratklubben\/wp-content\/uploads\/sites\/12\/2024\/04\/IMG_2803-500x667.jpeg 500w, https:\/\/aik.se\/kamratklubben\/wp-content\/uploads\/sites\/12\/2024\/04\/IMG_2803-800x1067.jpeg 800w, https:\/\/aik.se\/kamratklubben\/wp-content\/uploads\/sites\/12\/2024\/04\/IMG_2803-1280x1707.jpeg 1280w, https:\/\/aik.se\/kamratklubben\/wp-content\/uploads\/sites\/12\/2024\/04\/IMG_2803-1920x2560.jpeg 1920w\" sizes=\"auto, (max-width: 1536px) 100vw, 1536px\" \/><\/figure>\n\n\n\n<figure class=\"wp-block-image size-large is-resized\"><img loading=\"lazy\" decoding=\"async\" width=\"1536\" height=\"2048\" src=\"https:\/\/aik.se\/kamratklubben\/wp-content\/uploads\/sites\/12\/2024\/04\/IMG_2805-1536x2048.jpeg\" alt=\"\" class=\"wp-image-1085\" style=\"width:464px;height:auto\" srcset=\"https:\/\/aik.se\/kamratklubben\/wp-content\/uploads\/sites\/12\/2024\/04\/IMG_2805-scaled.jpeg 1536w, https:\/\/aik.se\/kamratklubben\/wp-content\/uploads\/sites\/12\/2024\/04\/IMG_2805-768x1024.jpeg 768w, https:\/\/aik.se\/kamratklubben\/wp-content\/uploads\/sites\/12\/2024\/04\/IMG_2805-1152x1536.jpeg 1152w, https:\/\/aik.se\/kamratklubben\/wp-content\/uploads\/sites\/12\/2024\/04\/IMG_2805-500x667.jpeg 500w, https:\/\/aik.se\/kamratklubben\/wp-content\/uploads\/sites\/12\/2024\/04\/IMG_2805-800x1067.jpeg 800w, https:\/\/aik.se\/kamratklubben\/wp-content\/uploads\/sites\/12\/2024\/04\/IMG_2805-1280x1707.jpeg 1280w, https:\/\/aik.se\/kamratklubben\/wp-content\/uploads\/sites\/12\/2024\/04\/IMG_2805-1920x2560.jpeg 1920w\" sizes=\"auto, (max-width: 1536px) 100vw, 1536px\" \/><\/figure>\n\n\n\n<figure class=\"wp-block-image size-large is-resized\"><img loading=\"lazy\" decoding=\"async\" width=\"1536\" height=\"2048\" src=\"https:\/\/aik.se\/kamratklubben\/wp-content\/uploads\/sites\/12\/2024\/04\/IMG_2810-1536x2048.jpeg\" alt=\"\" class=\"wp-image-1087\" style=\"width:481px;height:auto\" srcset=\"https:\/\/aik.se\/kamratklubben\/wp-content\/uploads\/sites\/12\/2024\/04\/IMG_2810-scaled.jpeg 1536w, https:\/\/aik.se\/kamratklubben\/wp-content\/uploads\/sites\/12\/2024\/04\/IMG_2810-768x1024.jpeg 768w, https:\/\/aik.se\/kamratklubben\/wp-content\/uploads\/sites\/12\/2024\/04\/IMG_2810-1152x1536.jpeg 1152w, https:\/\/aik.se\/kamratklubben\/wp-content\/uploads\/sites\/12\/2024\/04\/IMG_2810-500x667.jpeg 500w, https:\/\/aik.se\/kamratklubben\/wp-content\/uploads\/sites\/12\/2024\/04\/IMG_2810-800x1067.jpeg 800w, https:\/\/aik.se\/kamratklubben\/wp-content\/uploads\/sites\/12\/2024\/04\/IMG_2810-1280x1707.jpeg 1280w, https:\/\/aik.se\/kamratklubben\/wp-content\/uploads\/sites\/12\/2024\/04\/IMG_2810-1920x2560.jpeg 1920w\" sizes=\"auto, (max-width: 1536px) 100vw, 1536px\" \/><\/figure>\n\n\n\n<figure class=\"wp-block-image size-large is-resized\"><img loading=\"lazy\" decoding=\"async\" width=\"1536\" height=\"2048\" src=\"https:\/\/aik.se\/kamratklubben\/wp-content\/uploads\/sites\/12\/2024\/04\/IMG_2812-1536x2048.jpeg\" alt=\"\" class=\"wp-image-1088\" style=\"width:484px;height:auto\" srcset=\"https:\/\/aik.se\/kamratklubben\/wp-content\/uploads\/sites\/12\/2024\/04\/IMG_2812-scaled.jpeg 1536w, https:\/\/aik.se\/kamratklubben\/wp-content\/uploads\/sites\/12\/2024\/04\/IMG_2812-768x1024.jpeg 768w, https:\/\/aik.se\/kamratklubben\/wp-content\/uploads\/sites\/12\/2024\/04\/IMG_2812-1152x1536.jpeg 1152w, https:\/\/aik.se\/kamratklubben\/wp-content\/uploads\/sites\/12\/2024\/04\/IMG_2812-500x667.jpeg 500w, https:\/\/aik.se\/kamratklubben\/wp-content\/uploads\/sites\/12\/2024\/04\/IMG_2812-800x1067.jpeg 800w, https:\/\/aik.se\/kamratklubben\/wp-content\/uploads\/sites\/12\/2024\/04\/IMG_2812-1280x1707.jpeg 1280w, https:\/\/aik.se\/kamratklubben\/wp-content\/uploads\/sites\/12\/2024\/04\/IMG_2812-1920x2560.jpeg 1920w\" sizes=\"auto, (max-width: 1536px) 100vw, 1536px\" \/><\/figure>\n\n\n\n<h2 class=\"wp-block-heading has--font-size\"><strong>\u00c5rsm\u00f6te 2023 <\/strong>   <\/h2>\n\n\n\n<p><\/p>\n\n\n\n<p>Den 18 april h\u00f6lls \u00e5rsm\u00f6tet f\u00f6r 2023. Vi hade \u00e4ran att f\u00e5 h\u00f6ra vad Damlandslagets huvudtr\u00e4nare Peter Gerhardsson hade att ber\u00e4tta om landslaget. Ett stort tack till hans medverkan!<\/p>\n\n\n\n<h2 class=\"wp-block-heading\">\u00c5rsm\u00f6te 2022  -p\u00e5 r\u00e4tt tid!<\/h2>\n\n\n\n<p>Kamratklubben Gamla AIK-are har de senaste tv\u00e5 \u00e5ren inte kunnat ha \u00e5rsm\u00f6te p\u00e5 r\u00e4tt tid enligt stadgarna. Anledningen till det har givetvis varit pandemin. I \u00e5r kunde dock \u00e5rsm\u00f6tet genomf\u00f6ras&nbsp; p\u00e5 r\u00e4tt s\u00e4tt och 21\/4 tr\u00e4ffades 32 medlemmar p\u00e5 Karlberg. Efter sj\u00e4lva \u00e5rsm\u00f6tet infann sig ocks\u00e5 dagens inbjudne f\u00f6redragsh\u00e5llare, SvT:s Jacob H\u00e5rd.<\/p>\n\n\n\n<p>\u00c5rsm\u00f6tet gick, som oftast, smidigt och snabbt under ledning av ordf\u00f6rande Sune Hellstr\u00f6mer. Jan Hallberg valdes till m\u00f6tets sekreterare. Valen blev f\u00f6ga sp\u00e4nnande d\u00e5 valberedningens f\u00f6rslag antogs av m\u00f6tet. Till ordf\u00f6rande omvaldes Sune Hellstr\u00f6mer och ledam\u00f6terna Monica Lyfors, Jan Hallberg och Peter Hansson omvaldes p\u00e5 tv\u00e5 \u00e5r. Ledam\u00f6terna Christer Barck, Christer Bruzelius och Erik Ekwall valdes p\u00e5 tv\u00e5 \u00e5r 2021. Kenneth Wester omvaldes till suppleant. Inte heller bland revisorerna blev det n\u00e5gon f\u00f6r\u00e4ndring, utan Bertil Lindb\u00e4ck och Fredrik Lundstedt antogs som revisorer med Rolf Stenberg som revisorssuppleant. Valberedningen med Jarl Fransson, Kurt Hammarstr\u00f6m och sammankallande Lennart Krook fick fortsatt f\u00f6rtroende.<\/p>\n\n\n\n<figure class=\"wp-block-image alignright size-full is-resized\"><a href=\"https:\/\/aik.se\/wp-content\/uploads\/2022\/04\/jacob-hard.jpg\"><img decoding=\"async\" src=\"https:\/\/aik.se\/wp-content\/uploads\/2022\/04\/jacob-hard.jpg\" alt=\"\" class=\"wp-image-630778\" style=\"width:350px;height:470px\" \/><\/a><\/figure>\n\n\n\n<p>Efter \u00e5rsm\u00f6tet k\u00e5serade Jacob H\u00e5rd p\u00e5 ett trevligt och l\u00e4ttsamt s\u00e4tt om sina \u00e5r p\u00e5 radiosporten och SvT:s sport. Han \u00e4r glad f\u00f6r den \u201dskola\u201d han f\u00e5tt g\u00e5 i och n\u00e4mnde bl.a. att han hade gl\u00e4djen av att f\u00f6r en kort tid arbeta med sj\u00e4lvaste Sven Jerring! \u00c5ke Str\u00f6mmer inte bara talade fort utan han var \u00e4ven snabb i tanke och i repliker! Jacob n\u00e4mnde ocks\u00e5 den betydelse som Sven \u201dPlex\u201d Pettersson haft f\u00f6r honom. Han gladdes ocks\u00e5 \u00f6ver de fina samarbeten han haft med Anders G\u00e4rderud och Anders Blomquist. P\u00e5 fr\u00e5gan om vilka som \u00e4r Sveriges genom tidernas st\u00f6rsta skid\u00e5kare svarade Jacob Gunde Svan p\u00e5 herr- och Charlotte Kalla p\u00e5 damsidan. Ett f\u00e5 g\u00f6ra ett program om Gunde Svan st\u00e5r p\u00e5 \u00f6nskelistan!<\/p>\n\n\n\n<p>Kamratklubben tackar Jacob H\u00e5rd f\u00f6r ett trevligt framf\u00f6rande!<\/p>\n\n\n\n<p>Kv\u00e4llen avslutade med sedvanlig fin middag och ett lotteri med viner och n\u00e5gra av Anders Johr\u00e9ns b\u00f6cker.<\/p>\n\n\n\n<p>\/\/Erik Ekwall<\/p>\n\n\n\n<h2 class=\"wp-block-heading\"><strong>\u00c5rsm\u00f6te 2021<\/strong><\/h2>\n\n\n\n<p>Kamratklubben Gamla AIK-are hade inte haft n\u00e5got fysiskt m\u00f6te sedan februari -20, s\u00e5 det var med f\u00f6rv\u00e4ntan en stor skara (44 st varav 42 med r\u00f6str\u00e4tt) samlades p\u00e5 Karlberg f\u00f6r \u00e5rsm\u00f6te 1\/9 -21. <br><br>Ordf\u00f6randen Sune Hellstr\u00f6mer h\u00e4lsade alla v\u00e4lkomna och introducerade kv\u00e4llens f\u00f6rel\u00e4sare, fotbollslagets tr\u00e4nare Bartosz Grzelak. Bartosz ber\u00e4ttade att han kom till Sverige fem \u00e5r gammal fr\u00e5n Polen. H\u00e4r hamnade han p\u00e5 \u00c4ngk\u00e4rrsgatan i Solna och fotbollen blev en viktig del under uppv\u00e4xten. Som aktiv spelade han i Vasalund och BP, innan han hamnade i AIK. I AIK blev det endast ett inhopp mot Malm\u00f6 FF 1997. Efter diverse provspelningar spelade Bartosz (efter en skadeperiod) i Vallentuna, Norge och IK Frej. Efter den aktiva karri\u00e4ren satsade han p\u00e5 tr\u00e4narrollen med b\u00f6rjan i IK Frej och blev d\u00e4refter assisterande tr\u00e4nare till Rickard Norling i AIK under guld\u00e5ret 2018. Efter att ha varit assisterande f\u00f6rbundskapten f\u00f6r U21 var Bartosz tillbaka i AIK som huvudtr\u00e4nare sommaren 2020. Med hj\u00e4lp av videoinslag ber\u00e4ttade Bartosz om hur man vill att laget ska spela och hur man tr\u00e4nar. Bl. a. tr\u00e4nar man mycket p\u00e5 snabbare omst\u00e4llningar. Bartosz gjorde ett mycket trevligt och \u00f6dmjukt intryck, men verkar ocks\u00e5 vara en person som vet vad han vill! Han v\u00e5gade inte uttala sig om forts\u00e4ttningen under h\u00f6sten och antydde att det var m\u00e5nga \u201dsv\u00e5ra\u201d matcher fram\u00f6ver. M\u00f6tet tackade f\u00f6r hans presentation och \u00f6nskade laget och ledningen lycka till under resten av s\u00e4songen!<\/p>\n\n\n\n<p>Efter Bartosz Grzelaks genomg\u00e5ng vidtog sj\u00e4lva \u00e5rsm\u00f6tet, som blev f\u00f6ga dramatiskt! Styrelse- liksom revisionsber\u00e4ttelse f\u00f6redrogs och styrelsen beviljades ansvarsfrihet f\u00f6r det g\u00e5ngna \u00e5ret. Alla f\u00f6ljande val beslutades i enlighet med valberedningens (Lennart Krook, Jarl Fransson och Kurt Hammarstr\u00f6m) f\u00f6rslag. Detta innebar att Sune Hellstr\u00f6mer omvaldes till ordf\u00f6rande p\u00e5 ett \u00e5r och att Christer Barck, Christer Bruzelius och Erik Ekwall omvaldes p\u00e5 tv\u00e5 \u00e5r. Monica Lyfors, Jan Hallberg och Peter Hansson valdes p\u00e5 tv\u00e5 \u00e5r 2020. Kenneth Wester omvaldes till suppleant p\u00e5 ett \u00e5r. Det blev \u00e4ven omval av revisorerna (Bertil Lindb\u00e4ck och Fredrik Lundstedt) och revisorssuppleanten (Rolf Stenberg). Slutligen omvaldes den aktuella valberedningen.<\/p>\n\n\n\n<p>\u00c5rets gamling 2019, Jonas Almqvist, premierades f\u00f6r sina fina insatser f\u00f6r AIK boule. Vare sig \u00c5rets AIK-are 2019, brottaren Alex Kessidis, och 2020, AIK:s damfotbollslag, kunde n\u00e4rvara men hyllades. Leif Karlsson fick en separat hyllning f\u00f6r sina stora och betydelsefulla insatser f\u00f6r AIK fotboll. Fyra medlemmar (Bertil Lindb\u00e4ck, Monica Lyfors, Kenneth Wester och Christer Barck) uppvaktades av Kamratklubben d\u00e5 de nyligen haft j\u00e4mna h\u00f6gtidsdagar.<\/p>\n\n\n\n<p>Vid m\u00f6tet rapporterades att det uppskjutna 75-\u00e5rsjubileumet planeras att genomf\u00f6ras 26 oktober p\u00e5 Fr\u00f6sundavik.<br>\/\/Erik Ekwall<br><\/p>\n","protected":false},"excerpt":{"rendered":"<p>\u00c5rsm\u00f6te 2026 \u00c5rsm\u00f6tet 2026 h\u00f6lls den 16 april p\u00e5 Best Western plus park hotell i Solna Centrum. Innan m\u00f6tets \u00f6ppnande h\u00f6lls en tyst minut f\u00f6r v\u00e5ra medlemmar som tyv\u00e4rr g\u00e5tt [&hellip;]<\/p>\n","protected":false},"author":24,"featured_media":0,"parent":0,"menu_order":0,"comment_status":"closed","ping_status":"closed","template":"","meta":{"_kad_blocks_custom_css":"","_kad_blocks_head_custom_js":"","_kad_blocks_body_custom_js":"","_kad_blocks_footer_custom_js":"","_EventAllDay":false,"_EventTimezone":"","_EventStartDate":"","_EventEndDate":"","_EventStartDateUTC":"","_EventEndDateUTC":"","_EventShowMap":false,"_EventShowMapLink":false,"_EventURL":"","_EventCost":"","_EventCostDescription":"","_EventCurrencySymbol":"","_EventCurrencyCode":"","_EventCurrencyPosition":"","_EventDateTimeSeparator":"","_EventTimeRangeSeparator":"","_EventOrganizerID":[],"_EventVenueID":[],"_OrganizerEmail":"","_OrganizerPhone":"","_OrganizerWebsite":"","_VenueAddress":"","_VenueCity":"","_VenueCountry":"","_VenueProvince":"","_VenueState":"","_VenueZip":"","_VenuePhone":"","_VenueURL":"","_VenueStateProvince":"","_VenueLat":"","_VenueLng":"","_VenueShowMap":false,"_VenueShowMapLink":false,"_vp_format_video_url":"","_vp_image_focal_point":[],"_vp_custom_popup_image":0,"_vp_format_audio_url":"","_vp_album_images":[],"_vp_custom_thumbnail":0,"_vp_custom_thumbnail_focal_point":[],"_vp_custom_thumbnail_cover":0,"_vp_hover_thumbnail":0,"_vp_hover_thumbnail_focal_point":[],"footnotes":""},"class_list":["post-868","page","type-page","status-publish","hentry"],"blocksy_meta":[],"taxonomy_info":[],"featured_image_src_large":false,"author_info":{"display_name":"Realisatorerna","author_link":"https:\/\/aik.se\/kamratklubben\/author\/realisatorerna\/"},"comment_info":0,"_links":{"self":[{"href":"https:\/\/aik.se\/kamratklubben\/wp-json\/wp\/v2\/pages\/868","targetHints":{"allow":["GET"]}}],"collection":[{"href":"https:\/\/aik.se\/kamratklubben\/wp-json\/wp\/v2\/pages"}],"about":[{"href":"https:\/\/aik.se\/kamratklubben\/wp-json\/wp\/v2\/types\/page"}],"author":[{"embeddable":true,"href":"https:\/\/aik.se\/kamratklubben\/wp-json\/wp\/v2\/users\/24"}],"replies":[{"embeddable":true,"href":"https:\/\/aik.se\/kamratklubben\/wp-json\/wp\/v2\/comments?post=868"}],"version-history":[{"count":45,"href":"https:\/\/aik.se\/kamratklubben\/wp-json\/wp\/v2\/pages\/868\/revisions"}],"predecessor-version":[{"id":1307,"href":"https:\/\/aik.se\/kamratklubben\/wp-json\/wp\/v2\/pages\/868\/revisions\/1307"}],"wp:attachment":[{"href":"https:\/\/aik.se\/kamratklubben\/wp-json\/wp\/v2\/media?parent=868"}],"curies":[{"name":"wp","href":"https:\/\/api.w.org\/{rel}","templated":true}]}}